{"id":164,"date":"2016-12-27T11:50:04","date_gmt":"2016-12-27T10:50:04","guid":{"rendered":"http:\/\/13.74.184.217\/fw\/?page_id=164"},"modified":"2019-07-28T16:56:53","modified_gmt":"2019-07-28T15:56:53","slug":"univrfashionweek","status":"publish","type":"page","link":"https:\/\/sites.les.univr.it\/fashion\/index.php\/univrfashionweek\/","title":{"rendered":"Univr Fashion Week"},"content":{"rendered":"<p>[vc_row][vc_column][vc_column_text] <img loading=\"lazy\" decoding=\"async\" class=\"aligncenter wp-image-463 \" src=\"https:\/\/sites.les.univr.it\/fashion\/wp-content\/uploads\/Logo-UnivrFW-2016-1024x545.jpg\" alt=\"\" width=\"460\" height=\"245\" srcset=\"https:\/\/sites.les.univr.it\/fashion\/wp-content\/uploads\/Logo-UnivrFW-2016-1024x545.jpg 1024w, https:\/\/sites.les.univr.it\/fashion\/wp-content\/uploads\/Logo-UnivrFW-2016-300x160.jpg 300w, https:\/\/sites.les.univr.it\/fashion\/wp-content\/uploads\/Logo-UnivrFW-2016-768x409.jpg 768w, https:\/\/sites.les.univr.it\/fashion\/wp-content\/uploads\/Logo-UnivrFW-2016-600x320.jpg 600w\" sizes=\"auto, (max-width: 460px) 100vw, 460px\" \/> [\/vc_column_text][\/vc_column][\/vc_row][vc_row][vc_column width=&#8221;1\/2&#8243;][vc_column_text]<\/p>\r\n<h3 style=\"text-align: justify;\"><strong>Il Progetto<\/strong><\/h3>\r\n<p style=\"text-align: justify;\">Il progetto \u201cUnivr Fashion Week\u201d (565055-EPP-1-2015-1-IT-EPPJMO-MODULE) \u00e8 co-finanziato dall\u2019Unione europea come <strong>Modulo Jean Monnet 2015-2018<\/strong> nell\u2019ambito del <a href=\"https:\/\/eacea.ec.europa.eu\/erasmus-plus\/actions\/jean-monnet\/jean-monnet-modules_en\"><strong>Programma Erasmus+<\/strong><\/a> in quanto rientrante tra gli obiettivi dell\u2019Unione europea. E&#8217; iniziato il <strong>1\u00b0 settembre 2015 e terminato il 31 agosto 2018<\/strong>.<\/p>\r\n<p style=\"text-align: justify;\">Il progetto prevede la realizzazione di tre edizioni della <strong>Summer School<\/strong> <strong>sull\u2019industria della moda nell\u2019Unione europea<\/strong>, in cui si affrontano tematiche attinenti al settore della moda da un punto di vista prevalentemente economico e giuridico, integrata da <strong>attivit\u00e0 scientifiche <\/strong>di approfondimento, quali conferenze, raccolta di materiali didattici, newsletter, <em>open access papers<\/em> e policy brief.<\/p>\r\n<!-- \/wp:post-content -->\r\n<p>[\/vc_column_text][\/vc_column][vc_column width=&#8221;1\/2&#8243;][vc_column_text]<\/p>\r\n<h3 style=\"padding-left: 40px;\"><em><strong>The Project<\/strong><\/em><\/h3>\r\n<p style=\"text-align: justify; padding-left: 40px;\"><em>The Project \u201cUnivr Fashion Week\u201d is co-funded by the European Union as a Jean Monnet Module 2015-2018 within the <a href=\"https:\/\/eacea.ec.europa.eu\/erasmus-plus\/actions\/jean-monnet\/jean-monnet-modules_en\">Erasmus+ Programme<\/a> given its relevance in the framework of the EU policies. It <strong>started on 1 September 2015 and ended on 31 August 2018<\/strong>.<\/em><\/p>\r\n<p style=\"text-align: justify; padding-left: 40px;\"><em>The Project envisages the organisation of three editions (2016, 2017 and 2018) of the <strong>Summer School <\/strong><strong>on the fashion industry in the European Union<\/strong> that consists of lectures addressing fashion-related issues examined from a legal and economic perspective. <\/em><em>The course is also supported by other <strong>scientific activities<\/strong>, including the organisation of conferences, the publication of a periodic newsletter, open access articles on the online journal Papers di diritto europeo and, at the completion of the Project lifetime, a policy brief, as well as a collection of bibliographic references.<\/em><\/p>\r\n<p>[\/vc_column_text][\/vc_column][\/vc_row][vc_row][vc_column][vc_empty_space][\/vc_column][\/vc_row][vc_row][vc_column width=&#8221;1\/4&#8243;][vc_btn title=&#8221;Summer School&#8221; color=&#8221;vista-blue&#8221; size=&#8221;lg&#8221; align=&#8221;center&#8221; link=&#8221;url:http%3A%2F%2Fsites.les.univr.it%2Ffashion%2Findex.php%2Funivrfashionweek%2Fsummerschool%2F|||&#8221;][\/vc_column][vc_column width=&#8221;1\/4&#8243;][vc_btn title=&#8221;Conferenze | Conferences&#8221; color=&#8221;violet&#8221; size=&#8221;lg&#8221; link=&#8221;url:http%3A%2F%2Fsites.les.univr.it%2Ffashion%2Findex.php%2Funivrfashionweek%2Fconferenze%2F|||&#8221;][\/vc_column][vc_column width=&#8221;1\/4&#8243;][vc_btn title=&#8221;Attivit\u00e0 | Activities&#8221; color=&#8221;pink&#8221; size=&#8221;lg&#8221; align=&#8221;center&#8221; link=&#8221;url:http%3A%2F%2Fsites.les.univr.it%2Ffashion%2Findex.php%2Funivrfashionweek%2Fattivita%2F|||&#8221;][\/vc_column][vc_column width=&#8221;1\/4&#8243;][vc_btn title=&#8221;Materiali | Materials&#8221; color=&#8221;sky&#8221; size=&#8221;lg&#8221; link=&#8221;url:http%3A%2F%2Fsites.les.univr.it%2Ffashion%2Findex.php%2Funivrfashionweek%2Fattivita%2Fmateriali-didattici%2F|||&#8221;][\/vc_column][\/vc_row][vc_row][vc_column][vc_column_text] [\/vc_column_text][\/vc_column][\/vc_row][vc_row][vc_column width=&#8221;1\/2&#8243;][vc_column_text]<\/p>\r\n<h3><strong>Obiettivi<\/strong><\/h3>\r\n<p style=\"text-align: justify;\">Il progetto mira a stimolare e facilitare l\u2019interazione tra la formazione accademica e la realt\u00e0 imprenditoriale.<\/p>\r\n<p style=\"text-align: justify;\">Il progetto \u201cUnivr Fashion Week\u201d, attraverso la realizzazione della <strong>Summer School<\/strong> e delle <b>attivit\u00e0 scientifiche<\/b> ad essa collegate, <strong>mira innanzitutto a favorire l\u2019ampliamento delle conoscenze di diritto dell\u2019Unione europea<\/strong>.<\/p>\r\n<p style=\"text-align: justify;\">La scelta di trattare gli aspetti <strong>giuridici ed economici<\/strong> dell\u2019industria della moda permette un approfondimento di temi che, per un verso, sono direttamente regolati dalle <strong>normative sovranazionali<\/strong>, e, per altro verso, ne sono solo in parte influenzati, dando modo di sviluppare percorsi di studio innovativi secondo un <strong>approccio multidisciplinare<\/strong>. Ci\u00f2, inoltre, consente di espandere gli ambiti di <strong>ricerca<\/strong> del <strong>Dipartimento di Scienze giuridiche dell\u2019Universit\u00e0 degli Studi di Verona<\/strong>, nonch\u00e9 di consolidare le competenze e l\u2019esperienza professionale del team docente della Summer School con specifico riferimento ai temi selezionati.<\/p>\r\n<p style=\"text-align: justify;\">In questo modo, il progetto si caratterizza per il suo \u201c<strong>valore accademico aggiunto<\/strong>\u201d.<\/p>\r\n<p style=\"text-align: justify;\">Ulteriore finalit\u00e0 \u00e8 poi quella di promuovere l\u2019iterazione tra la formazione accademica e il mondo del lavoro, in particolare nella <strong>Regione del Veneto<\/strong>. Il coinvolgimento, a vario titolo nel corso di tutto il progetto, di docenti, professionisti legali ed esperti del settore della moda fornisce la possibilit\u00e0 di stabilire una proficua collaborazione del Dipartimento di Scienze giuridiche con la realt\u00e0 imprenditoriale e lavorativa della Regione. Inoltre, come obiettivo di pi\u00f9 ampio raggio, il progetto mira alla costruzione di un dialogo del mondo accademico con le istituzioni dell\u2019Unione europea.<\/p>\r\n<p style=\"text-align: justify;\">In questo senso, al termine dei tre anni, \u00e8 prevista la realizzazione di un <strong>policy brief<\/strong>, che sar\u00e0 pubblicato nell\u2019apposita sezione sul sito del progetto. Il Policy brief raccoglier\u00e0 i temi trattati nelle varie attivit\u00e0, con lo scopo di individuare i profili e le questioni nell\u2019ambito dell\u2019industria della moda su cui sarebbe auspicabile l\u2019intervento del legislatore europeo.<\/p>\r\n<!-- \/wp:paragraph -->\r\n<p>[\/vc_column_text][\/vc_column][vc_column width=&#8221;1\/2&#8243;][vc_column_text]<\/p>\r\n<h3 style=\"padding-left: 40px;\"><em><strong>Objectives<\/strong><\/em><\/h3>\r\n<p style=\"text-align: justify; padding-left: 40px;\"><em>The Project \u201cUnivr Fashion Week\u201d, through the realisation of the Summer School and the related scientific activities, aims at further promoting the study of European Union law.<\/em><\/p>\r\n<p style=\"text-align: justify; padding-left: 40px;\"><em>The choice of focusing on the legal and economic aspects of the fashion industry makes it possible to provide a <strong>comprehensive preparation<\/strong> on subject matters that are, on the one hand, directly regulated by European Union law, and on the other, indirectly influenced or to a limited extent.<\/em><\/p>\r\n<p style=\"text-align: justify; padding-left: 40px;\"><em>Following a cross-sectorial and multidisciplinary approach, innovative study perspectives are therefore developed. This not only allows to expand the areas of European Union studies and research within the Law Department of the University of Verona, but also to foster skills and professional experience of the teaching staff members on specific topics of fashion law and economics. The Project thus provides for an <strong>academic added value<\/strong>.<\/em><\/p>\r\n<p style=\"text-align: justify; padding-left: 40px;\"><em>Moreover, the interaction between academic education and employment, in particular within the Veneto Region, is going to be strengthened. The involvement of academics, legal practitioners and professionals from the fashion industry during the Project lifetime makes it possible to establish a fruitful cooperation with small and medium-sized enterprises and stakeholders from the Veneto Region.<\/em><\/p>\r\n<p style=\"text-align: justify; padding-left: 40px;\"><em>Also, in the long-term, the Project envisages a<strong> dialogue between the academia and the European Union policymakers<\/strong>. In particular, at the end of the Project span, a <strong>policy brief<\/strong> on the most relevant issues, selected from the studies carried out thus far, is planned among the outputs. This endeavours to impact directly on the fashion industry\u2019s policies and objectives in order to enhance its competitiveness and employment opportunities.<\/em><\/p>\r\n<p><!-- \/wp:paragraph --><\/p>\r\n<p>[\/vc_column_text][\/vc_column][\/vc_row][vc_row][vc_column width=&#8221;1\/2&#8243;][vc_column_text]<\/p>\r\n<h3><strong>Monitoring<\/strong><\/h3>\r\n<p style=\"text-align: justify;\">Per assicurare il perseguimento dei predetti obiettivi \u00e8 prevista un\u2019attivit\u00e0 di <strong>monitoring<\/strong> durante tutto l\u2019arco del progetto.<\/p>\r\n<p style=\"text-align: justify;\">Essa prevede la realizzazione di appositi <strong>questionari <\/strong>da sottoporre ai partecipanti alle attivit\u00e0 svolte, ai fini dell\u2019autovalutazione delle competenze acquisite, nonch\u00e9 dell\u2019indicazione del proprio gradimento rispetto alle modalit\u00e0 di organizzazione e svolgimento degli eventi, favorendo cos\u00ec un loro\u00a0coinvolgimento attivo\u00a0sotto vari punti di vista.<\/p>\r\n<p style=\"text-align: justify;\">Pi\u00f9 precisamente, due sono i questionari previsti, da ripetersi per ogni anno di progetto e che riguarderanno distinte attivit\u00e0 nel suo ambito:<\/p>\r\n<p style=\"text-align: justify;\"><!-- \/wp:paragraph -->\r\n\r\n<!-- wp:list --><\/p>\r\n<ul>\r\n<li>\u00a0il primo \u00e8 relativo alla conferenza di presentazione del progetto e della Summer School;<\/li>\r\n<\/ul>\r\n<p style=\"text-align: justify;\"><!-- \/wp:list -->\r\n\r\n<!-- wp:list --><\/p>\r\n<ul>\r\n<li>il secondo riguarda invece lezioni e workshops organizzati durante la Summer School.<\/li>\r\n<\/ul>\r\n<p style=\"text-align: justify;\"><!-- \/wp:list -->\r\n\r\n<!-- wp:paragraph --><\/p>\r\n<p style=\"text-align: justify;\">I <strong>risultati<\/strong> relativi ad ogni anno di attivit\u00e0 saranno oggetto di successiva analisi da parte del Project Team. In questo senso, le indicazioni ricevute sono tenute in considerazione al fine di migliorare l\u2019organizzazione delle successive edizioni degli eventi programmati, nonch\u00e9 di adattare i loro contenuti in base ai suggerimenti e alle proposte pervenute direttamente dai partecipanti.<\/p>\r\n<p style=\"text-align: justify;\">A ci\u00f2 si aggiunge la stesura di <strong>reports periodici <\/strong>(in lingua inglese) sui risultati ottenuti e le attivit\u00e0 svolte. I reports sono suddivisi per anni (primo, secondo e terzo) e si riferiscono ai mesi:<\/p>\r\n<ul>\r\n<li>\u00a0settembre &#8211; dicembre, per verificare i primi mesi di attivit\u00e0;<\/li>\r\n<\/ul>\r\n<p style=\"text-align: justify;\"><!-- \/wp:list -->\r\n\r\n<!-- wp:list --><\/p>\r\n<ul>\r\n<li>\u00a0gennaio &#8211; marzo, dopo la conferenza di presentazione;<\/li>\r\n<\/ul>\r\n<p style=\"text-align: justify;\"><!-- \/wp:list -->\r\n\r\n<!-- wp:list --><\/p>\r\n<ul>\r\n<li>\u00a0aprile &#8211; giugno, dopo la Summer School;<\/li>\r\n<\/ul>\r\n<p style=\"text-align: justify;\"><!-- \/wp:list -->\r\n\r\n<!-- wp:list --><\/p>\r\n<ul>\r\n<li>luglio &#8211; agosto, al termine delle attivit\u00e0.<\/li>\r\n<\/ul>\r\n<p style=\"text-align: justify;\"><!-- \/wp:list -->\r\n\r\n<!-- wp:paragraph --> [\/vc_column_text][\/vc_column][vc_column width=&#8221;1\/2&#8243;][vc_column_text]<\/p>\r\n<h3 style=\"padding-left: 40px;\"><em><strong>Monitoring<\/strong><\/em><\/h3>\r\n<p style=\"text-align: justify; padding-left: 40px;\"><em>In order to fulfil the objectives of the Project, a monitoring activity is envisaged during the whole Project lifetime.<\/em><\/p>\r\n<p style=\"text-align: justify; padding-left: 40px;\"><em>It includes the creation and distribution of <strong>questionnaires<\/strong> to be submitted to the participants to the activities, which aim at both a self-evaluation of the acquired competences and an assessment of the events\u2019 arrangement and delivery. The purpose is therefore to allow an active involvement of attendees.<\/em><\/p>\r\n<p style=\"text-align: justify; padding-left: 40px;\"><em>Two sets of questionnaires are going to be created for each year of the Project, in order to cover the different activities:<\/em><\/p>\r\n<ul>\r\n<li style=\"list-style-type: none;\">\r\n<ul>\r\n<li><em>the first regards the Conference, where the Project and the Summer School will be presented;<\/em><\/li>\r\n<li><em>the second is about the lectures and workshops organised during the Summer School.<\/em><\/li>\r\n<\/ul>\r\n<\/li>\r\n<\/ul>\r\n<p style=\"text-align: justify; padding-left: 40px;\"><em>The <strong>results<\/strong> of the questionnaires submitted in each edition of said activities will undergo a comparative analysis by the Project Team. They will therefore provide useful indications to better organise the following editions, as well as to fine-tune their contents according to the suggestions and proposals received from the participants.<\/em><\/p>\r\n<p style=\"text-align: justify; padding-left: 40px;\"><em>In addition, <strong>periodic reports<\/strong> (in English language) on the Project results are also drafted, divided per year and according to a precise timetable. The reports will refer to:<\/em><\/p>\r\n<ul>\r\n<li style=\"list-style-type: none;\">\r\n<ul>\r\n<li><em>September \u2013 December, on the first months of activities;<\/em><\/li>\r\n<li><em>January \u2013 March, after the Conference has taken place;<\/em><\/li>\r\n<li><em>April \u2013 June, after the Summer School has taken place;<\/em><\/li>\r\n<li><em>July \u2013 August, on the last months activities.<\/em><\/li>\r\n<\/ul>\r\n<\/li>\r\n<\/ul>\r\n<p style=\"text-align: justify;\"><!-- \/wp:list --><\/p>\r\n<p style=\"text-align: justify;\"><!-- wp:paragraph --><\/p>\r\n<p style=\"text-align: justify;\">[\/vc_column_text][\/vc_column][\/vc_row][vc_row][vc_column][vc_btn title=&#8221;Reports&#8221; color=&#8221;violet&#8221; size=&#8221;lg&#8221; align=&#8221;center&#8221; link=&#8221;url:http%3A%2F%2Fsites.les.univr.it%2Ffashion%2Findex.php%2Funivrfashionweek%2Freports%2F|||&#8221;][\/vc_column][\/vc_row][vc_row][vc_column][vc_empty_space][\/vc_column][\/vc_row][vc_row][vc_column][vc_separator border_width=&#8221;5&#8243;][\/vc_column][\/vc_row][vc_row][vc_column width=&#8221;1\/2&#8243;][vc_column_text]<\/p>\r\n<h3><strong>Team<\/strong><\/h3>\r\n<p style=\"text-align: justify;\">Prof. Maria Caterina Baruffi Prof. Caterina Fratea Dr. Diletta Danieli Dr. Cinzia Peraro Dr. Isolde Quadranti<\/p>\r\n<p style=\"text-align: justify;\">[\/vc_column_text][\/vc_column][vc_column width=&#8221;1\/2&#8243;][vc_column_text]<\/p>\r\n<h3><strong>Contacts<\/strong><\/h3>\r\n<p style=\"text-align: justify;\">univrfw@ateneo.univr.it | univrfw@gmail.com @ <a href=\"https:\/\/cde.univr.it\">Centro di documentazione europea di Verona<\/a> Via Carlo Montanari 9 &#8211; 37122 Verona (IT) +39 045 8028827 &#8211; 47<\/p>\r\n<p style=\"text-align: justify;\">[\/vc_column_text][\/vc_column][\/vc_row][vc_row][vc_column][vc_separator border_width=&#8221;5&#8243;][vc_column_text]<\/p>\r\n<p style=\"text-align: center;\"><em>The contents are the sole responsibility of the &#8220;Univr Fashion Week&#8221; team of the University of Verona.<\/em><\/p>\r\n<p style=\"text-align: justify;\">[\/vc_column_text][\/vc_column][\/vc_row][vc_row][vc_column][vc_column_text]<\/p>\r\n<p style=\"text-align: justify;\">[\/vc_column_text][\/vc_column][\/vc_row]<\/p>","protected":false},"excerpt":{"rendered":"<p>[vc_row][vc_column][vc_column_text] [\/vc_column_text][\/vc_column][\/vc_row][vc_row][vc_column width=&#8221;1\/2&#8243;][vc_column_text] Il Progetto Il progetto \u201cUnivr Fashion Week\u201d (565055-EPP-1-2015-1-IT-EPPJMO-MODULE) \u00e8 co-finanziato dall\u2019Unione europea come Modulo Jean Monnet 2015-2018 nell\u2019ambito del Programma Erasmus+ in quanto rientrante tra gli obiettivi&hellip;<\/p>\n","protected":false},"author":4,"featured_media":0,"parent":0,"menu_order":0,"comment_status":"closed","ping_status":"closed","template":"","meta":{"footnotes":""},"class_list":["post-164","page","type-page","status-publish","hentry"],"_links":{"self":[{"href":"https:\/\/sites.les.univr.it\/fashion\/index.php\/wp-json\/wp\/v2\/pages\/164","targetHints":{"allow":["GET"]}}],"collection":[{"href":"https:\/\/sites.les.univr.it\/fashion\/index.php\/wp-json\/wp\/v2\/pages"}],"about":[{"href":"https:\/\/sites.les.univr.it\/fashion\/index.php\/wp-json\/wp\/v2\/types\/page"}],"author":[{"embeddable":true,"href":"https:\/\/sites.les.univr.it\/fashion\/index.php\/wp-json\/wp\/v2\/users\/4"}],"replies":[{"embeddable":true,"href":"https:\/\/sites.les.univr.it\/fashion\/index.php\/wp-json\/wp\/v2\/comments?post=164"}],"version-history":[{"count":25,"href":"https:\/\/sites.les.univr.it\/fashion\/index.php\/wp-json\/wp\/v2\/pages\/164\/revisions"}],"predecessor-version":[{"id":1891,"href":"https:\/\/sites.les.univr.it\/fashion\/index.php\/wp-json\/wp\/v2\/pages\/164\/revisions\/1891"}],"wp:attachment":[{"href":"https:\/\/sites.les.univr.it\/fashion\/index.php\/wp-json\/wp\/v2\/media?parent=164"}],"curies":[{"name":"wp","href":"https:\/\/api.w.org\/{rel}","templated":true}]}}